{"id":492,"date":"2025-04-04T16:43:42","date_gmt":"2025-04-04T16:43:42","guid":{"rendered":"https:\/\/mimusa.pro\/harmonium\/?post_type=team&#038;p=492"},"modified":"2025-06-30T17:40:45","modified_gmt":"2025-06-30T17:40:45","slug":"elena-mas-parres","status":"publish","type":"team","link":"https:\/\/harmonium.es\/fr\/team\/elena-mas-parres\/","title":{"rendered":"Elena Mas Parres"},"content":{"rendered":"<p>Architecte d\u2019int\u00e9rieur avec plus de 20 ans d\u2019exp\u00e9rience et responsable de studios de design d\u2019int\u00e9rieur bas\u00e9s \u00e0 Alicante et Benidorm. Il cr\u00e9e des espaces intemporels et audacieux avec les nouvelles tendances de la mode pour les projets r\u00e9sidentiels, retail et contract. Il collabore fr\u00e9quemment avec d\u2019autres studios dans le monde, tels que \u00abCul de Sac, Serrano Brothers, Estudio Pinasseti, Arquint Colombia\u00bb.<\/p>\n\n\n\n<p>Des services de la plus haute qualit\u00e9 et des finitions de luxe. Sa pr\u00e9misse est de concevoir et d\u2019\u00eatre pr\u00e9sent dans toutes les phases du processus cr\u00e9atif. En constante consultation avec les clients et toujours attentif \u00e0 leurs besoins. Son leadership dans les projets, combin\u00e9 \u00e0 ses comp\u00e9tences en gestion commerciale, lui permet de superviser m\u00e9ticuleusement chaque aspect des op\u00e9rations.<\/p>\n\n\n\n<p>Des concepts provocateurs et son approche du design voyagent \u00e0 travers les couleurs, les formes, les m\u00e9langes culturels et les essences de ses voyages. Des styles compl\u00e9mentaires entre contemporain et vintage, architectural et organique. Un esprit curieux et inquiet.<\/p>\n\n\n\n<p>Licenciado en Dise\u00f1o de Interiores y Gesti\u00f3n de Proyectos. Posee una \u201cLicencia de Piloto de Transporte A\u00e9reo\u201d ATPL-A y una \u201cLicencia de Piloto Privado\u201d PPL. Cree que \u00abtodo se basa en la alquimia del dise\u00f1o\u00bb. Con una notable capacidad de transformaci\u00f3n e intereses diversos. Dedica su tiempo libre a pilotar peque\u00f1os aviones y viajar por el mundo, coleccionando as\u00ed tendencias y absorbiendo culturas.<\/p>","protected":false},"featured_media":3003,"template":"","meta":{"_acf_changed":false},"class_list":["post-492","team","type-team","status-publish","has-post-thumbnail","hentry"],"acf":[],"_links":{"self":[{"href":"https:\/\/harmonium.es\/fr\/wp-json\/wp\/v2\/team\/492","targetHints":{"allow":["GET"]}}],"collection":[{"href":"https:\/\/harmonium.es\/fr\/wp-json\/wp\/v2\/team"}],"about":[{"href":"https:\/\/harmonium.es\/fr\/wp-json\/wp\/v2\/types\/team"}],"version-history":[{"count":2,"href":"https:\/\/harmonium.es\/fr\/wp-json\/wp\/v2\/team\/492\/revisions"}],"predecessor-version":[{"id":672,"href":"https:\/\/harmonium.es\/fr\/wp-json\/wp\/v2\/team\/492\/revisions\/672"}],"wp:featuredmedia":[{"embeddable":true,"href":"https:\/\/harmonium.es\/fr\/wp-json\/wp\/v2\/media\/3003"}],"wp:attachment":[{"href":"https:\/\/harmonium.es\/fr\/wp-json\/wp\/v2\/media?parent=492"}],"curies":[{"name":"wp","href":"https:\/\/api.w.org\/{rel}","templated":true}]}}